{"id":484,"date":"2025-02-22T18:50:41","date_gmt":"2025-02-22T18:50:41","guid":{"rendered":"https:\/\/campinggranparadiso.it\/?page_id=484"},"modified":"2025-04-21T23:20:00","modified_gmt":"2025-04-21T22:20:00","slug":"blog","status":"publish","type":"page","link":"https:\/\/campinggranparadiso.it\/pt\/blog\/","title":{"rendered":"Blogue"},"content":{"rendered":"<div data-elementor-type=\"wp-page\" data-elementor-id=\"484\" class=\"elementor elementor-484\">\n\t\t\t\t<div class=\"elementor-element elementor-element-339dc4c9 twbb_section twbb_blog_43 e-flex e-con-boxed e-con e-parent\" data-id=\"339dc4c9\" data-element_type=\"container\" data-e-type=\"container\" data-settings=\"{&quot;background_background&quot;:&quot;classic&quot;}\">\n\t\t\t\t\t<div class=\"e-con-inner\">\n\t\t<div class=\"elementor-element elementor-element-568914fa e-con-full e-flex e-con e-child\" data-id=\"568914fa\" data-element_type=\"container\" data-e-type=\"container\">\n\t\t<div class=\"elementor-element elementor-element-7f2493bb e-con-full e-flex e-con e-child\" data-id=\"7f2493bb\" data-element_type=\"container\" data-e-type=\"container\">\n\t\t\t\t<div class=\"elementor-element elementor-element-60a3f5c2 elementor-widget__width-initial elementor-widget-mobile__width-inherit elementor-widget-tablet__width-initial elementor-invisible elementor-widget elementor-widget-heading\" data-id=\"60a3f5c2\" data-element_type=\"widget\" data-e-type=\"widget\" data-settings=\"{&quot;_animation&quot;:&quot;fadeInUp&quot;}\" data-widget_type=\"heading.default\">\n\t\t\t\t<div class=\"elementor-widget-container\">\n\t\t\t\t\t<h2 class=\"elementor-heading-title elementor-size-default\">\u00daltimas postagens<\/h2>\t\t\t\t<\/div>\n\t\t\t\t<\/div>\n\t\t\t\t<div class=\"elementor-element elementor-element-6c87622a elementor-widget__width-initial elementor-widget-mobile__width-inherit elementor-widget-tablet__width-initial elementor-invisible elementor-widget elementor-widget-text-editor\" data-id=\"6c87622a\" data-element_type=\"widget\" data-e-type=\"widget\" data-settings=\"{&quot;_animation&quot;:&quot;fadeInUp&quot;}\" data-widget_type=\"text-editor.default\">\n\t\t\t\t<div class=\"elementor-widget-container\">\n\t\t\t\t\t\t\t\t\t<p>Descubra os diferentes conte\u00fados sobre a montanha.<\/p>\t\t\t\t\t\t\t\t<\/div>\n\t\t\t\t<\/div>\n\t\t\t\t<\/div>\n\t\t\t\t<\/div>\n\t\t\t\t<div class=\"elementor-element elementor-element-3abd0f15 elementor-widget__width-initial elementor-widget-mobile__width-inherit elementor-widget-tablet__width-initial twbb_slider_options_changed-default elementor-grid-3 elementor-grid-tablet-2 elementor-grid-mobile-1 elementor-posts--thumbnail-top elementor-posts--thumbnail-tablet-top elementor-posts--thumbnail-mobile-top twbb-posts-image-animation_zoom-in twbb-posts-image-animation-duration-fast twbb-posts--fullHeight_no elementor-widget elementor-widget-tenweb-posts\" data-id=\"3abd0f15\" data-element_type=\"widget\" data-e-type=\"widget\" data-settings=\"{&quot;classic_slides_view&quot;:&quot;no&quot;,&quot;classic_columns&quot;:&quot;3&quot;,&quot;classic_columns_tablet&quot;:&quot;2&quot;,&quot;classic_columns_mobile&quot;:&quot;1&quot;,&quot;classic_thumbnail&quot;:&quot;top&quot;,&quot;classic_thumbnail_tablet&quot;:&quot;top&quot;,&quot;classic_thumbnail_mobile&quot;:&quot;top&quot;,&quot;classic_column_gap&quot;:{&quot;unit&quot;:&quot;px&quot;,&quot;size&quot;:30,&quot;sizes&quot;:[]},&quot;classic_column_gap_tablet&quot;:{&quot;unit&quot;:&quot;px&quot;,&quot;size&quot;:&quot;&quot;,&quot;sizes&quot;:[]},&quot;classic_column_gap_mobile&quot;:{&quot;unit&quot;:&quot;px&quot;,&quot;size&quot;:&quot;&quot;,&quot;sizes&quot;:[]},&quot;classic_row_gap&quot;:{&quot;unit&quot;:&quot;px&quot;,&quot;size&quot;:35,&quot;sizes&quot;:[]},&quot;classic_row_gap_tablet&quot;:{&quot;unit&quot;:&quot;px&quot;,&quot;size&quot;:&quot;&quot;,&quot;sizes&quot;:[]},&quot;classic_row_gap_mobile&quot;:{&quot;unit&quot;:&quot;px&quot;,&quot;size&quot;:&quot;&quot;,&quot;sizes&quot;:[]}}\" data-widget_type=\"tenweb-posts.classic\">\n\t\t\t\t<div class=\"elementor-widget-container\">\n\t\t\t\t\t            <div data-skin=\"classic \" class=\"elementor-posts-container elementor-posts elementor-posts--skin-classic elementor-grid\">\n            \t\t<article class=\"elementor-post elementor-grid-item post-3543 post type-post status-publish format-standard has-post-thumbnail hentry category-attivita category-camping tag-campeggio tag-gran-paradiso-national-park tag-parco-nazionale-gran-paradiso\">\n\t\t        <div class=\"twbb-image-container\">\n                        <a class=\"elementor-post__thumbnail__link\" href=\"https:\/\/campinggranparadiso.it\/pt\/torx-alloggiare-al-camping-gran-paradiso-in-valsavarenche-per-una-esperienza-di-alta-montagna\/\" tabindex=\"-1\" >\n                <div class=\"elementor-post__thumbnail\"><img fetchpriority=\"high\" decoding=\"async\" width=\"600\" height=\"399\" src=\"https:\/\/campinggranparadiso.it\/wp-content\/uploads\/2026\/04\/TORX-600x399.webp\" class=\"attachment-tenweb_optimizer_mobile size-tenweb_optimizer_mobile wp-image-3544\" alt=\"Torx\" srcset=\"https:\/\/campinggranparadiso.it\/wp-content\/uploads\/2026\/04\/TORX-600x399.webp 600w, https:\/\/campinggranparadiso.it\/wp-content\/uploads\/2026\/04\/TORX-300x200.webp 300w, https:\/\/campinggranparadiso.it\/wp-content\/uploads\/2026\/04\/TORX-768x511.webp 768w, https:\/\/campinggranparadiso.it\/wp-content\/uploads\/2026\/04\/TORX-18x12.webp 18w, https:\/\/campinggranparadiso.it\/wp-content\/uploads\/2026\/04\/TORX.webp 1024w\" sizes=\"(max-width: 600px) 100vw, 600px\" \/><\/div>\n            <\/a>\n                    <\/div>\n\t\t\t\t<div class=\"elementor-post__text\">\n\t\t\t\t<h5 class=\"elementor-post__title\">\n\t\t\t<a href=\"https:\/\/campinggranparadiso.it\/pt\/torx-alloggiare-al-camping-gran-paradiso-in-valsavarenche-per-una-esperienza-di-alta-montagna\/\" >\n\t\t\t\tTORX\u00ae: Hospede-se no Camping Gran Paradiso em Valsavarenche para uma experi\u00eancia de alta montanha.\t\t\t<\/a>\n\t\t<\/h5>\n\t\t\t\t<div class=\"elementor-post__excerpt\">\n\t\t\t<p>O TORX\u00ae \u00e9 uma das competi\u00e7\u00f5es de trail running mais fascinantes e desafiadoras do mundo, capaz de<\/p>\n\t\t<\/div>\n\t\t\t\t<\/div>\n\t\t\t\t<\/article>\n\t\t\t\t<article class=\"elementor-post elementor-grid-item post-3463 post type-post status-publish format-standard has-post-thumbnail hentry category-escursioni tag-escursionismo tag-gran-paradiso tag-gran-paradiso-national-park tag-parco-nazionale-gran-paradiso tag-rifugi-valle-daosta tag-trekking tag-trekking-valle-daosta tag-valledaosta\">\n\t\t        <div class=\"twbb-image-container\">\n                        <a class=\"elementor-post__thumbnail__link\" href=\"https:\/\/campinggranparadiso.it\/pt\/cosa-vedere-nel-parco-nazionale-del-gran-paradiso-valle-daosta-natura-viva-silenzio-e-bellezza-autentica\/\" tabindex=\"-1\" >\n                <div class=\"elementor-post__thumbnail\"><img decoding=\"async\" width=\"600\" height=\"400\" src=\"https:\/\/campinggranparadiso.it\/wp-content\/uploads\/2025\/04\/Instagram__E2A2208-600x400.jpg\" class=\"attachment-tenweb_optimizer_mobile size-tenweb_optimizer_mobile wp-image-2350\" alt=\"\" srcset=\"https:\/\/campinggranparadiso.it\/wp-content\/uploads\/2025\/04\/Instagram__E2A2208-600x400.jpg 600w, https:\/\/campinggranparadiso.it\/wp-content\/uploads\/2025\/04\/Instagram__E2A2208-300x200.jpg 300w, https:\/\/campinggranparadiso.it\/wp-content\/uploads\/2025\/04\/Instagram__E2A2208-1024x683.jpg 1024w, https:\/\/campinggranparadiso.it\/wp-content\/uploads\/2025\/04\/Instagram__E2A2208-768x512.jpg 768w, https:\/\/campinggranparadiso.it\/wp-content\/uploads\/2025\/04\/Instagram__E2A2208-1536x1024.jpg 1536w, https:\/\/campinggranparadiso.it\/wp-content\/uploads\/2025\/04\/Instagram__E2A2208.jpg 1920w\" sizes=\"(max-width: 600px) 100vw, 600px\" \/><\/div>\n            <\/a>\n                    <\/div>\n\t\t\t\t<div class=\"elementor-post__text\">\n\t\t\t\t<h5 class=\"elementor-post__title\">\n\t\t\t<a href=\"https:\/\/campinggranparadiso.it\/pt\/cosa-vedere-nel-parco-nazionale-del-gran-paradiso-valle-daosta-natura-viva-silenzio-e-bellezza-autentica\/\" >\n\t\t\t\tO que ver no Parque Nacional Gran Paradiso: natureza vibrante, sil\u00eancio e beleza aut\u00eantica.\t\t\t<\/a>\n\t\t<\/h5>\n\t\t\t\t<div class=\"elementor-post__excerpt\">\n\t\t\t<p>O lado do Vale de Aosta do Parque Nacional Gran Paradiso, o mais antigo da It\u00e1lia (criado em<\/p>\n\t\t<\/div>\n\t\t\t\t<\/div>\n\t\t\t\t<\/article>\n\t\t\t\t<article class=\"elementor-post elementor-grid-item post-3461 post type-post status-publish format-standard has-post-thumbnail hentry category-camping tag-alpinismo-valle-daosta tag-campeggi-valle-daosta tag-campeggio tag-camping-valle-daosta tag-gran-paradiso tag-gran-paradiso-national-park tag-parco-nazionale-gran-paradiso tag-rifugi-valle-daosta tag-trekking-valle-daosta\">\n\t\t        <div class=\"twbb-image-container\">\n                        <a class=\"elementor-post__thumbnail__link\" href=\"https:\/\/campinggranparadiso.it\/pt\/camping-gran-paradiso-dormire-nel-cuore-del-parco\/\" tabindex=\"-1\" >\n                <div class=\"elementor-post__thumbnail\"><img decoding=\"async\" width=\"600\" height=\"400\" src=\"https:\/\/campinggranparadiso.it\/wp-content\/uploads\/2025\/10\/CGP_Piazzole-3-600x400.jpg\" class=\"attachment-tenweb_optimizer_mobile size-tenweb_optimizer_mobile wp-image-3341\" alt=\"\" srcset=\"https:\/\/campinggranparadiso.it\/wp-content\/uploads\/2025\/10\/CGP_Piazzole-3-600x400.jpg 600w, https:\/\/campinggranparadiso.it\/wp-content\/uploads\/2025\/10\/CGP_Piazzole-3-300x200.jpg 300w, https:\/\/campinggranparadiso.it\/wp-content\/uploads\/2025\/10\/CGP_Piazzole-3-1024x683.jpg 1024w, https:\/\/campinggranparadiso.it\/wp-content\/uploads\/2025\/10\/CGP_Piazzole-3-768x512.jpg 768w, https:\/\/campinggranparadiso.it\/wp-content\/uploads\/2025\/10\/CGP_Piazzole-3-1536x1025.jpg 1536w, https:\/\/campinggranparadiso.it\/wp-content\/uploads\/2025\/10\/CGP_Piazzole-3-2048x1366.jpg 2048w, https:\/\/campinggranparadiso.it\/wp-content\/uploads\/2025\/10\/CGP_Piazzole-3-18x12.jpg 18w\" sizes=\"(max-width: 600px) 100vw, 600px\" \/><\/div>\n            <\/a>\n                    <\/div>\n\t\t\t\t<div class=\"elementor-post__text\">\n\t\t\t\t<h5 class=\"elementor-post__title\">\n\t\t\t<a href=\"https:\/\/campinggranparadiso.it\/pt\/camping-gran-paradiso-dormire-nel-cuore-del-parco\/\" >\n\t\t\t\tCamping Gran Paradiso: Durma no cora\u00e7\u00e3o do parque\t\t\t<\/a>\n\t\t<\/h5>\n\t\t\t\t<div class=\"elementor-post__excerpt\">\n\t\t\t<p>No profundo sil\u00eancio de Valsavarenche, ao p\u00e9 dos picos do Parque Nacional Gran Paradiso.<\/p>\n\t\t<\/div>\n\t\t\t\t<\/div>\n\t\t\t\t<\/article>\n\t\t\t\t<article class=\"elementor-post elementor-grid-item post-3458 post type-post status-publish format-standard has-post-thumbnail hentry category-camping tag-alpinismo-valle-daosta tag-campeggi-valle-daosta tag-camping-valle-daosta tag-gran-paradiso tag-gran-paradiso-national-park tag-parco-nazionale-gran-paradiso tag-rifugi-valle-daosta tag-trekking-valle-daosta\">\n\t\t        <div class=\"twbb-image-container\">\n                        <a class=\"elementor-post__thumbnail__link\" href=\"https:\/\/campinggranparadiso.it\/pt\/campeggiare-in-valle-daosta-dormire-tra-le-montagne-risvegliarsi-nella-natura\/\" tabindex=\"-1\" >\n                <div class=\"elementor-post__thumbnail\"><img loading=\"lazy\" decoding=\"async\" width=\"600\" height=\"441\" src=\"https:\/\/campinggranparadiso.it\/wp-content\/uploads\/2025\/12\/campeggio-600x441.jpg\" class=\"attachment-tenweb_optimizer_mobile size-tenweb_optimizer_mobile wp-image-3459\" alt=\"Camping Gran Paradiso Valsavarenche\" srcset=\"https:\/\/campinggranparadiso.it\/wp-content\/uploads\/2025\/12\/campeggio-600x441.jpg 600w, https:\/\/campinggranparadiso.it\/wp-content\/uploads\/2025\/12\/campeggio-300x221.jpg 300w, https:\/\/campinggranparadiso.it\/wp-content\/uploads\/2025\/12\/campeggio-768x565.jpg 768w, https:\/\/campinggranparadiso.it\/wp-content\/uploads\/2025\/12\/campeggio-16x12.jpg 16w, https:\/\/campinggranparadiso.it\/wp-content\/uploads\/2025\/12\/campeggio.jpg 923w\" sizes=\"(max-width: 600px) 100vw, 600px\" \/><\/div>\n            <\/a>\n                    <\/div>\n\t\t\t\t<div class=\"elementor-post__text\">\n\t\t\t\t<h5 class=\"elementor-post__title\">\n\t\t\t<a href=\"https:\/\/campinggranparadiso.it\/pt\/campeggiare-in-valle-daosta-dormire-tra-le-montagne-risvegliarsi-nella-natura\/\" >\n\t\t\t\tAcampar no Vale de Aosta: durma nas montanhas, acorde rodeado pela natureza.\t\t\t<\/a>\n\t\t<\/h5>\n\t\t\t\t<div class=\"elementor-post__excerpt\">\n\t\t\t<p>O Vale de Aosta \u00e9 muito mais do que um destino alpino: \u00e9 um lugar onde...<\/p>\n\t\t<\/div>\n\t\t\t\t<\/div>\n\t\t\t\t<\/article>\n\t\t\t\t<article class=\"elementor-post elementor-grid-item post-3455 post type-post status-publish format-standard has-post-thumbnail hentry category-escursioni tag-alpinismo-valle-daosta tag-escursionismo tag-gran-paradiso tag-gran-paradiso-national-park tag-parco-nazionale-gran-paradiso tag-rifugi-valle-daosta tag-rifugio-vittorio-emanuele tag-trekking-valle-daosta tag-valle-daosta\">\n\t\t        <div class=\"twbb-image-container\">\n                        <a class=\"elementor-post__thumbnail__link\" href=\"https:\/\/campinggranparadiso.it\/pt\/dal-rifugio-vittorio-emanuele-alla-vetta-del-gran-paradiso-un-classico-dellalpinismo-italiano\/\" tabindex=\"-1\" >\n                <div class=\"elementor-post__thumbnail\"><img loading=\"lazy\" decoding=\"async\" width=\"600\" height=\"397\" src=\"https:\/\/campinggranparadiso.it\/wp-content\/uploads\/2025\/12\/vittorio-e1768832226340-600x397.jpg\" class=\"attachment-tenweb_optimizer_mobile size-tenweb_optimizer_mobile wp-image-3456\" alt=\"\" srcset=\"https:\/\/campinggranparadiso.it\/wp-content\/uploads\/2025\/12\/vittorio-e1768832226340-600x397.jpg 600w, https:\/\/campinggranparadiso.it\/wp-content\/uploads\/2025\/12\/vittorio-e1768832226340-300x198.jpg 300w, https:\/\/campinggranparadiso.it\/wp-content\/uploads\/2025\/12\/vittorio-e1768832226340-1024x677.jpg 1024w, https:\/\/campinggranparadiso.it\/wp-content\/uploads\/2025\/12\/vittorio-e1768832226340-768x508.jpg 768w, https:\/\/campinggranparadiso.it\/wp-content\/uploads\/2025\/12\/vittorio-e1768832226340-1536x1015.jpg 1536w, https:\/\/campinggranparadiso.it\/wp-content\/uploads\/2025\/12\/vittorio-e1768832226340-18x12.jpg 18w, https:\/\/campinggranparadiso.it\/wp-content\/uploads\/2025\/12\/vittorio-e1768832226340.jpg 1800w\" sizes=\"(max-width: 600px) 100vw, 600px\" \/><\/div>\n            <\/a>\n                    <\/div>\n\t\t\t\t<div class=\"elementor-post__text\">\n\t\t\t\t<h5 class=\"elementor-post__title\">\n\t\t\t<a href=\"https:\/\/campinggranparadiso.it\/pt\/dal-rifugio-vittorio-emanuele-alla-vetta-del-gran-paradiso-un-classico-dellalpinismo-italiano\/\" >\n\t\t\t\tDo Ref\u00fagio Vittorio Emanuele ao cume do Gran Paradiso: um cl\u00e1ssico do montanhismo italiano.\t\t\t<\/a>\n\t\t<\/h5>\n\t\t\t\t<div class=\"elementor-post__excerpt\">\n\t\t\t<p>Entre as rotas mais famosas dos Alpes italianos, destaca-se a subida ao Gran Paradiso (4.061 m) a partir de<\/p>\n\t\t<\/div>\n\t\t\t\t<\/div>\n\t\t\t\t<\/article>\n\t\t\t\t<article class=\"elementor-post elementor-grid-item post-3451 post type-post status-publish format-standard has-post-thumbnail hentry category-escursioni tag-alpinismo-valle-daosta tag-gran-paradiso tag-gran-paradiso-national-park tag-parco-nazionale-gran-paradiso tag-rifugio-chabod tag-trekking-valle-daosta tag-valle-daosta\">\n\t\t        <div class=\"twbb-image-container\">\n                        <a class=\"elementor-post__thumbnail__link\" href=\"https:\/\/campinggranparadiso.it\/pt\/verso-la-vetta-dal-rifugio-chabod-al-gran-paradiso-unesperienza-dalta-quota\/\" tabindex=\"-1\" >\n                <div class=\"elementor-post__thumbnail\"><img loading=\"lazy\" decoding=\"async\" width=\"600\" height=\"394\" src=\"https:\/\/campinggranparadiso.it\/wp-content\/uploads\/2025\/12\/chabod-1-e1768831877510-600x394.jpg\" class=\"attachment-tenweb_optimizer_mobile size-tenweb_optimizer_mobile wp-image-3454\" alt=\"\" srcset=\"https:\/\/campinggranparadiso.it\/wp-content\/uploads\/2025\/12\/chabod-1-e1768831877510-600x394.jpg 600w, https:\/\/campinggranparadiso.it\/wp-content\/uploads\/2025\/12\/chabod-1-e1768831877510-300x197.jpg 300w, https:\/\/campinggranparadiso.it\/wp-content\/uploads\/2025\/12\/chabod-1-e1768831877510-1024x672.jpg 1024w, https:\/\/campinggranparadiso.it\/wp-content\/uploads\/2025\/12\/chabod-1-e1768831877510-768x504.jpg 768w, https:\/\/campinggranparadiso.it\/wp-content\/uploads\/2025\/12\/chabod-1-e1768831877510-1536x1008.jpg 1536w, https:\/\/campinggranparadiso.it\/wp-content\/uploads\/2025\/12\/chabod-1-e1768831877510-18x12.jpg 18w, https:\/\/campinggranparadiso.it\/wp-content\/uploads\/2025\/12\/chabod-1-e1768831877510.jpg 1920w\" sizes=\"(max-width: 600px) 100vw, 600px\" \/><\/div>\n            <\/a>\n                    <\/div>\n\t\t\t\t<div class=\"elementor-post__text\">\n\t\t\t\t<h5 class=\"elementor-post__title\">\n\t\t\t<a href=\"https:\/\/campinggranparadiso.it\/pt\/verso-la-vetta-dal-rifugio-chabod-al-gran-paradiso-unesperienza-dalta-quota\/\" >\n\t\t\t\tRumo ao cume: do Ref\u00fagio Chabod ao Gran Paradiso, uma experi\u00eancia em alta altitude.\t\t\t<\/a>\n\t\t<\/h5>\n\t\t\t\t<div class=\"elementor-post__excerpt\">\n\t\t\t<p>No cora\u00e7\u00e3o de Valsavarenche, imerso no Parque Nacional Gran Paradiso, encontra-se o Ref\u00fagio Federico Chabod.<\/p>\n\t\t<\/div>\n\t\t\t\t<\/div>\n\t\t\t\t<\/article>\n\t\t\t\t<article class=\"elementor-post elementor-grid-item post-3443 post type-post status-publish format-standard has-post-thumbnail hentry category-escursioni tag-gran-paradiso tag-gran-paradiso-national-park tag-parco-nazionale-gran-paradiso tag-rifugi-valle-daosta tag-rifugio-sella tag-trekking-valle-daosta\">\n\t\t        <div class=\"twbb-image-container\">\n                        <a class=\"elementor-post__thumbnail__link\" href=\"https:\/\/campinggranparadiso.it\/pt\/tra-due-valli-dal-rifugio-sella-alla-valsavarenche-camminando-nel-cuore-del-gran-paradiso\/\" tabindex=\"-1\" >\n                <div class=\"elementor-post__thumbnail\"><img loading=\"lazy\" decoding=\"async\" width=\"600\" height=\"393\" src=\"https:\/\/campinggranparadiso.it\/wp-content\/uploads\/2025\/12\/sella-3-e1769698646498-600x393.jpg\" class=\"attachment-tenweb_optimizer_mobile size-tenweb_optimizer_mobile wp-image-3449\" alt=\"\" srcset=\"https:\/\/campinggranparadiso.it\/wp-content\/uploads\/2025\/12\/sella-3-e1769698646498-600x393.jpg 600w, https:\/\/campinggranparadiso.it\/wp-content\/uploads\/2025\/12\/sella-3-e1769698646498-300x197.jpg 300w, https:\/\/campinggranparadiso.it\/wp-content\/uploads\/2025\/12\/sella-3-e1769698646498-1024x671.jpg 1024w, https:\/\/campinggranparadiso.it\/wp-content\/uploads\/2025\/12\/sella-3-e1769698646498-768x503.jpg 768w, https:\/\/campinggranparadiso.it\/wp-content\/uploads\/2025\/12\/sella-3-e1769698646498-1536x1006.jpg 1536w, https:\/\/campinggranparadiso.it\/wp-content\/uploads\/2025\/12\/sella-3-e1769698646498-18x12.jpg 18w, https:\/\/campinggranparadiso.it\/wp-content\/uploads\/2025\/12\/sella-3-e1769698646498.jpg 1920w\" sizes=\"(max-width: 600px) 100vw, 600px\" \/><\/div>\n            <\/a>\n                    <\/div>\n\t\t\t\t<div class=\"elementor-post__text\">\n\t\t\t\t<h5 class=\"elementor-post__title\">\n\t\t\t<a href=\"https:\/\/campinggranparadiso.it\/pt\/tra-due-valli-dal-rifugio-sella-alla-valsavarenche-camminando-nel-cuore-del-gran-paradiso\/\" >\n\t\t\t\tEntre dois vales: do Ref\u00fagio Sella a Valsavarenche, caminhando no cora\u00e7\u00e3o do Gran Paradiso.\t\t\t<\/a>\n\t\t<\/h5>\n\t\t\t\t<div class=\"elementor-post__excerpt\">\n\t\t\t<p>Localizado a 2.588 metros acima do n\u00edvel do mar, no Parque Nacional Gran Paradiso, o Ref\u00fagio Vittorio<\/p>\n\t\t<\/div>\n\t\t\t\t<\/div>\n\t\t\t\t<\/article>\n\t\t\t\t<article class=\"elementor-post elementor-grid-item post-3432 post type-post status-publish format-standard has-post-thumbnail hentry category-escursioni tag-campeggio tag-escursionismo tag-montagna tag-trekking tag-valledaosta\">\n\t\t        <div class=\"twbb-image-container\">\n                        <a class=\"elementor-post__thumbnail__link\" href=\"https:\/\/campinggranparadiso.it\/pt\/frequentazione-della-montagna-equipaggiamento\/\" tabindex=\"-1\" >\n                <div class=\"elementor-post__thumbnail\"><img loading=\"lazy\" decoding=\"async\" width=\"600\" height=\"338\" src=\"https:\/\/campinggranparadiso.it\/wp-content\/uploads\/2025\/04\/E2A7937-1-600x338.jpg\" class=\"attachment-tenweb_optimizer_mobile size-tenweb_optimizer_mobile wp-image-2714\" alt=\"Camping Gran Paradiso\" srcset=\"https:\/\/campinggranparadiso.it\/wp-content\/uploads\/2025\/04\/E2A7937-1-600x338.jpg 600w, https:\/\/campinggranparadiso.it\/wp-content\/uploads\/2025\/04\/E2A7937-1-300x169.jpg 300w, https:\/\/campinggranparadiso.it\/wp-content\/uploads\/2025\/04\/E2A7937-1-1024x576.jpg 1024w, https:\/\/campinggranparadiso.it\/wp-content\/uploads\/2025\/04\/E2A7937-1-768x432.jpg 768w, https:\/\/campinggranparadiso.it\/wp-content\/uploads\/2025\/04\/E2A7937-1-1536x864.jpg 1536w, https:\/\/campinggranparadiso.it\/wp-content\/uploads\/2025\/04\/E2A7937-1.jpg 1920w\" sizes=\"(max-width: 600px) 100vw, 600px\" \/><\/div>\n            <\/a>\n                    <\/div>\n\t\t\t\t<div class=\"elementor-post__text\">\n\t\t\t\t<h5 class=\"elementor-post__title\">\n\t\t\t<a href=\"https:\/\/campinggranparadiso.it\/pt\/frequentazione-della-montagna-equipaggiamento\/\" >\n\t\t\t\tMontanhismo: equipamento\t\t\t<\/a>\n\t\t<\/h5>\n\t\t\t\t<div class=\"elementor-post__excerpt\">\n\t\t\t<p>Use cal\u00e7ado e vestu\u00e1rio adequados. Escolha botas com cano alto e sola bem estruturada.<\/p>\n\t\t<\/div>\n\t\t\t\t<\/div>\n\t\t\t\t<\/article>\n\t\t\t\t<article class=\"elementor-post elementor-grid-item post-3429 post type-post status-publish format-standard has-post-thumbnail hentry category-escursioni tag-campeggio tag-escursionismo tag-montagna tag-trekking tag-valledaosta\">\n\t\t        <div class=\"twbb-image-container\">\n                        <a class=\"elementor-post__thumbnail__link\" href=\"https:\/\/campinggranparadiso.it\/pt\/frequentazione-della-montagna-accompagnamento\/\" tabindex=\"-1\" >\n                <div class=\"elementor-post__thumbnail\"><img loading=\"lazy\" decoding=\"async\" width=\"600\" height=\"338\" src=\"https:\/\/campinggranparadiso.it\/wp-content\/uploads\/2025\/04\/E2A7544-1-600x338.jpg\" class=\"attachment-tenweb_optimizer_mobile size-tenweb_optimizer_mobile wp-image-2703\" alt=\"Camping Gran Paradiso\" srcset=\"https:\/\/campinggranparadiso.it\/wp-content\/uploads\/2025\/04\/E2A7544-1-600x338.jpg 600w, https:\/\/campinggranparadiso.it\/wp-content\/uploads\/2025\/04\/E2A7544-1-300x169.jpg 300w, https:\/\/campinggranparadiso.it\/wp-content\/uploads\/2025\/04\/E2A7544-1-1024x576.jpg 1024w, https:\/\/campinggranparadiso.it\/wp-content\/uploads\/2025\/04\/E2A7544-1-768x432.jpg 768w, https:\/\/campinggranparadiso.it\/wp-content\/uploads\/2025\/04\/E2A7544-1-1536x864.jpg 1536w, https:\/\/campinggranparadiso.it\/wp-content\/uploads\/2025\/04\/E2A7544-1.jpg 1920w\" sizes=\"(max-width: 600px) 100vw, 600px\" \/><\/div>\n            <\/a>\n                    <\/div>\n\t\t\t\t<div class=\"elementor-post__text\">\n\t\t\t\t<h5 class=\"elementor-post__title\">\n\t\t\t<a href=\"https:\/\/campinggranparadiso.it\/pt\/frequentazione-della-montagna-accompagnamento\/\" >\n\t\t\t\tVisita \u00e0s montanhas: acompanhamento\t\t\t<\/a>\n\t\t<\/h5>\n\t\t\t\t<div class=\"elementor-post__excerpt\">\n\t\t\t<p>N\u00e3o v\u00e1 sozinho, a menos que seja um especialista. V\u00e1 acompanhado, especialmente por outra pessoa.<\/p>\n\t\t<\/div>\n\t\t\t\t<\/div>\n\t\t\t\t<\/article>\n\t\t\t\t<\/div>\n\t\t\n\t\t\t\t\t\t<\/div>\n\t\t\t\t<\/div>\n\t\t\t\t\t<\/div>\n\t\t\t\t<\/div>\n\t\t\t\t<\/div>","protected":false},"excerpt":{"rendered":"<p>\u00daltimas postagens Descubra os diferentes conte\u00fados da montanha.<\/p>","protected":false},"author":2,"featured_media":0,"parent":0,"menu_order":0,"comment_status":"closed","ping_status":"closed","template":"","meta":{"two_page_speed":[],"footnotes":""},"class_list":["post-484","page","type-page","status-publish","hentry"],"_links":{"self":[{"href":"https:\/\/campinggranparadiso.it\/pt\/wp-json\/wp\/v2\/pages\/484","targetHints":{"allow":["GET"]}}],"collection":[{"href":"https:\/\/campinggranparadiso.it\/pt\/wp-json\/wp\/v2\/pages"}],"about":[{"href":"https:\/\/campinggranparadiso.it\/pt\/wp-json\/wp\/v2\/types\/page"}],"author":[{"embeddable":true,"href":"https:\/\/campinggranparadiso.it\/pt\/wp-json\/wp\/v2\/users\/2"}],"replies":[{"embeddable":true,"href":"https:\/\/campinggranparadiso.it\/pt\/wp-json\/wp\/v2\/comments?post=484"}],"version-history":[{"count":0,"href":"https:\/\/campinggranparadiso.it\/pt\/wp-json\/wp\/v2\/pages\/484\/revisions"}],"wp:attachment":[{"href":"https:\/\/campinggranparadiso.it\/pt\/wp-json\/wp\/v2\/media?parent=484"}],"curies":[{"name":"wp","href":"https:\/\/api.w.org\/{rel}","templated":true}]}}