{"id":399,"date":"2025-02-22T18:40:39","date_gmt":"2025-02-22T18:40:39","guid":{"rendered":"https:\/\/campinggranparadiso.it\/?page_id=399"},"modified":"2026-01-29T16:02:08","modified_gmt":"2026-01-29T15:02:08","slug":"la-valsavaranche","status":"publish","type":"page","link":"https:\/\/campinggranparadiso.it\/es\/la-valsavaranche\/","title":{"rendered":"El Valsavaranche"},"content":{"rendered":"<div data-elementor-type=\"wp-page\" data-elementor-id=\"399\" class=\"elementor elementor-399\">\n\t\t\t\t<div class=\"elementor-element elementor-element-758b149 twbb_section twbb_hero_30 twbb_full_h e-flex e-con-boxed e-con e-parent\" data-id=\"758b149\" data-element_type=\"container\" data-e-type=\"container\" data-settings=\"{&quot;background_background&quot;:&quot;classic&quot;}\">\n\t\t\t\t\t<div class=\"e-con-inner\">\n\t\t\t\t<div class=\"elementor-element elementor-element-7835ca5 elementor-widget__width-initial elementor-widget-mobile__width-inherit elementor-widget-tablet__width-initial twbb-headline--style-highlight elementor-widget elementor-widget-twbbanimated-headline\" data-id=\"7835ca5\" data-element_type=\"widget\" data-e-type=\"widget\" data-settings=\"{&quot;highlighted_text&quot;:&quot;Esplora la Valsavarenche:&quot;,&quot;marker&quot;:&quot;underline_zigzag&quot;,&quot;headline_style&quot;:&quot;highlight&quot;}\" data-widget_type=\"twbbanimated-headline.default\">\n\t\t\t\t<div class=\"elementor-widget-container\">\n\t\t\t\t\t    <h1 class=\"twbb-headline\">\n        <span class=\"twbb-headline-dynamic-wrapper twbb-headline-text-wrapper\"><\/span>\n          <span class=\"twbb-headline-plain-text twbb-headline-text-wrapper\">El primer paso hacia el Gran Paradiso<\/span>\n        <\/h1>\n    \t\t\t\t<\/div>\n\t\t\t\t<\/div>\n\t\t\t\t<div class=\"elementor-element elementor-element-407e469 elementor-widget__width-initial elementor-widget-mobile__width-inherit elementor-widget-tablet__width-initial elementor-invisible elementor-widget elementor-widget-text-editor\" data-id=\"407e469\" data-element_type=\"widget\" data-e-type=\"widget\" data-settings=\"{&quot;_animation&quot;:&quot;fadeInUp&quot;}\" data-widget_type=\"text-editor.default\">\n\t\t\t\t<div class=\"elementor-widget-container\">\n\t\t\t\t\t\t\t\t\t<p>Coraz\u00f3n de un territorio rico en historia, desde los or\u00edgenes del Parque Nacional hasta las primeras grandes ascensiones, este valle conserva un patrimonio alpino \u00fanico. Descubre su identidad, sum\u00e9rgete en la naturaleza y vive la monta\u00f1a en su esencia m\u00e1s natural.<\/p>\t\t\t\t\t\t\t\t<\/div>\n\t\t\t\t<\/div>\n\t\t\t\t<div class=\"elementor-element elementor-element-4221fbd elementor-widget elementor-widget-shortcode\" data-id=\"4221fbd\" data-element_type=\"widget\" data-e-type=\"widget\" data-widget_type=\"shortcode.default\">\n\t\t\t\t<div class=\"elementor-widget-container\">\n\t\t\t\t\t\t\t<div class=\"elementor-shortcode\"><style id=\"sp_lw_dynamic_css1884\">#splw-location-weather-1884.splw-main-wrapper {max-width: 320px;margin : auto;margin-bottom: 2em;}#splw-location-weather-1884.splw-main-wrapper.horizontal {max-width: 800px;}#splw-location-weather-1884 .splw-lite-wrapper,#splw-location-weather-1884 .splw-forecast-weather select,#splw-location-weather-1884 .splw-forecast-weather option,#splw-location-weather-1884 .splw-lite-wrapper .splw-weather-attribution a{text-decoration: none;}#splw-location-weather-1884 .splw-lite-templates-body,#splw-location-weather-1884 .splw-adv-forecast-days{padding : 16px 20px 10px 20px;}#splw-location-weather-1884 .splw-weather-detailed-updated-time{padding : 0 20px 10px 20px;}#splw-location-weather-1884 .splw-lite-wrapper{ border: 0px solid #e2e2e2;}#splw-location-weather-1884 .splw-lite-wrapper .splw-lite-current-temp .splw-weather-icon{width: 58px;}#splw-location-weather-1884 .splw-lite-wrapper{border-radius: 8px;}#splw-location-weather-1884 .splw-lite-daily-weather-details .details-icon i{color:#fff;}#splw-location-weather-1884 .splw-lite-wrapper,#splw-location-weather-1884 .splw-forecast-weather option{background:#2b7043}#splw-location-weather-1884 .splw-lite-daily-weather-details.lw-center .splw-other-opt{text-align: center;}#splw-location-weather-1884 .splw-weather-title{color: #000;margin-top: 0px;margin-bottom: 20px;}#splw-location-weather-1884 .splw-lite-header-title{color: #fff;margin-top: 0px;margin-bottom: 10px;}#splw-location-weather-1884 .splw-lite-current-time{color: #fff;margin-top: 0px;margin-bottom: 10px;}#splw-location-weather-1884 .splw-cur-temp{color: #fff;margin-top: 0px;margin-bottom: 0px;}#splw-location-weather-1884 .splw-lite-desc{color: #fff;margin-top: 20px;margin-bottom: 0px;}#splw-location-weather-1884 .splw-lite-daily-weather-details{color: #fff;margin-top: 0px;margin-bottom: 0px;}#splw-location-weather-1884 .splw-weather-details .splw-weather-icons {color: #fff;margin-top: 20px;margin-bottom: 0px;}#splw-location-weather-1884 .lw-footer{margin-top: 0px;margin-bottom: 0px;}#splw-location-weather-1884 .splw-weather-attribution a,#splw-location-weather-1884 .splw-weather-attribution,#splw-location-weather-1884 .splw-weather-detailed-updated-time a,#splw-location-weather-1884 .splw-weather-updated-time{color: #fff;}#splw-location-weather-1884.splw-main-wrapper {position: relative;}#lw-preloader-1884{position: absolute;left: 0;top: 0;height: 100%;width: 100%;text-align: center;display: flex;align-items: center;justify-content: center;background: #fff;z-index: 9999;}<\/style><div id=\"splw-location-weather-1884\" class=\"splw-main-wrapper horizontal\" data-shortcode-id=\"1884\">\n\t\t<div id=\"lw-preloader-1884\" class=\"lw-preloader\">\n\t\t\t<img decoding=\"async\" src=\"https:\/\/campinggranparadiso.it\/wp-content\/plugins\/location-weather\/assets\/images\/spinner.svg\" class=\"skip-lazy\"  alt=\"loader-image\" width=\"50\" height=\"50\"\/>\n\t\t<\/div>\n\t\t\t<!-- section title html area start -->\n\t<div class=\"splw-weather-title\">\n\t\t\t<\/div>\n<!-- section area end -->\n\t<div class=\"splw-lite-wrapper lw-preloader-wrapper\">\n\t\t<div class=\"splw-lite-templates-body\">\n\t\t\t<div class=\"lw-current-data-area\"><div class=\"splw-lite-header\">\n\t<div class=\"splw-lite-header-title-wrapper\">\n\t\t\t\t<div class=\"splw-lite-header-title\">\n\t\t\tValsavarenche\t\t<\/div>\n\t\t<!-- area end -->\n\t\t<!-- Current Date Time area start -->\n\t\t\t\t\t<div class=\"splw-lite-current-time\">\n\t\t\t\t\t\t\t\t<span class=\"lw-time\">06:39,  <\/span>\n\t\t\t\t<!-- time area end -->\n\t\t\t\t\t\t\t\t<span class=\"lw-date\">30\/04\/2026<\/span>\n\t\t\t\t<!-- date area end -->\n\t\t\t<\/div>\n\t\t<!-- date time area end -->\n\t<\/div>\n<\/div>\n<!-- full area end -->\n<div class=\"splw-lite-current-temp\">\n\t<div class=\"splw-cur-temp\">\n\t\t<!-- weather icon html area start -->\n\t\t\t\t\t<img decoding=\"async\" src=\"https:\/\/campinggranparadiso.it\/wp-content\/plugins\/location-weather\/assets\/images\/icons\/weather-icons\/04d.svg\" class=\"splw-weather-icon\" alt=\"temperature icon\" width=\"58\" height=\"58\">\n\t\t<!-- weather icon html area end -->\n\t\t<!-- weather current temperature html area start -->\n\t\t\t\t\t<span class=\"cur-temp\"> \n\t\t\t\t<span class=\"current-temperature\">8<\/span><span class=\"temperature-scale\">\u00b0C<\/span>\t\t\t<\/span>\n\t\t<!-- temperature html area end -->\n\t<\/div>\n<\/div>\n\t<div class=\"splw-lite-desc\">\n\t\tcielo nublado\t<\/div>\n<\/div><div\n\tclass=\"splw-lite-daily-weather-details\">\n\t<div class=\"splw-weather-details splw-other-opt\">\n\t\t\t\t<!-- humidity area start -->\n\t\t\t\t\t\t<div class=\"splw-icon-humidity\">\n\t\t\t\t<span class=\"lw-title-wrapper\">\n\t\t\t\t\t<span class=\"details-icon\" title=\"Humedad\"><i class=\"splwp-icon-humidity-1\"><\/i><\/span>\t\t\t\t\t<span class=\"options-title\">Humedad:<\/span>\n\t\t\t\t<\/span>\n\t\t\t\t<span class=\"options-value\">\n\t\t\t\t\t88 %\t\t\t\t<\/span>\n\t\t\t<\/div>\n\t\t\t\t\t\t<!-- humidity area end -->\n\t\t\t<!-- pressure area start -->\n\t\t\t\t\t\t<div class=\"splw-icon-pressure\">\n\t\t\t\t<span class=\"lw-title-wrapper\">\n\t\t\t\t\t<span class=\"details-icon\" title=\"Presi\u00f3n\"><i class=\"splwp-icon-pressure-1\"><\/i><\/span>\t\t\t\t\t<span class=\"options-title\">Presi\u00f3n:<\/span>\n\t\t\t\t<\/span>\n\t\t\t\t<span class=\"options-value\">\n\t\t\t\t\t1020 mb\t\t\t\t<\/span>\n\t\t\t<\/div>\n\t\t\t\t\t\t<!-- pressure area end -->\n\t\t\t<!-- wind area start -->\n\t\t\t\t\t\t<div class=\"splw-icon-wind\">\n\t\t\t\t<span class=\"lw-title-wrapper\">\n\t\t\t\t\t<span class=\"details-icon\" title=\"Viento\"><i class=\"splwp-icon-wind-1\"><\/i><\/span>\t\t\t\t\t<span class=\"options-title\">Viento:<\/span>\n\t\t\t\t<\/span>\n\t\t\t\t<span class=\"options-value\">\n\t\t\t\t\t2 mph\t\t\t\t<\/span>\n\t\t\t<\/div>\n\t\t\t\t\t\t<!-- wind area end -->\n\t\t\t\t\t<!-- Wind guest area start -->\n\t\t\t\t<div class=\"splw-gusts-wind\">\n\t\t\t<span class=\"lw-title-wrapper\">\n\t\t\t\t<span class=\"details-icon\" title=\"R\u00e1fagas de viento\"><i class=\"splwp-icon-wind-gust-1\"><\/i><\/span>\t\t\t\t<span class=\"options-title\">R\u00e1fagas de viento:<\/span>\n\t\t\t<\/span>\n\t\t\t<span class=\"options-value\">\n\t\t\t\t2 mph\t\t\t<\/span>\n\t\t<\/div>\n\t\t\t\t<!-- Wind guest area end -->\n\t\t<!-- Clouds area start -->\n\t\t\t\t<div class=\"splw-clouds\">\n\t\t\t<span class=\"lw-title-wrapper\">\n\t\t\t\t<span class=\"details-icon\" title=\"Clouds\"><i class=\"splwp-icon-clouds-1\"><\/i><\/span>\t\t\t\t<span class=\"options-title\">Clouds:<\/span>\n\t\t\t<\/span>\n\t\t\t<span class=\"options-value\">100%<\/span>\n\t\t<\/div>\n\t\t\t\t<!-- Clouds area end -->\n\t\t<!-- Visibility area start -->\n\t\t\t\t<div class=\"splw-visibility\">\n\t\t\t<span class=\"lw-title-wrapper\">\n\t\t\t\t<span class=\"details-icon\" title=\"Visibilidad\"><i class=\"splwp-icon-visibility-1\"><\/i><\/span>\t\t\t\t<span class=\"options-title\">Visibilidad:<\/span>\n\t\t\t<\/span>\n\t\t\t<span class=\"options-value\">4.009 km<\/span>\n\t\t<\/div>\n\t\t\t\t<!-- Visibility area end -->\n\t\t\t\t<div class=\"splw-sunrise\">\n\t\t\t<span class=\"lw-title-wrapper\">\n\t\t\t\t<span class=\"details-icon\" title=\"Amanecer\"><i class=\"splwp-icon-sunrise-1\"><\/i><\/span>\n\t\t\t\t<span class=\"options-title\">Amanecer:<\/span>\n\t\t\t<\/span>\n\t\t\t<span class=\"options-value\">06:20<\/span>\n\t\t<\/div>\n\t\t<div class=\"splw-sunset\">\n\t\t\t<span class=\"lw-title-wrapper\">\n\t\t\t\t<span class=\"details-icon\" title=\"Atardecer\"><i class=\"splwp-icon-sunset-1\"><\/i><\/span>\t\t\t\t<span class=\"options-title\">Atardecer:<\/span>\n\t\t\t<\/span>\n\t\t\t<span class=\"options-value\">20:35<\/span>\n\t\t<\/div>\n\t\t\t<\/div>\n<\/div>\n\t\t\t<\/div>\n\t\t\t\t<!-- weather detailed and updated html area start -->\n\t<div class=\"lw-footer\">\n\t<!-- weather detailed and updated html area end -->\n<!-- weather attribute html area start -->\n\t\t<div class=\"splw-weather-attribution\">\n\t\t\t\t\tWeather from OpenWeatherMap\t\t\t<\/div>\n<!-- weather attribute html area end -->\n<\/div>\n<!-- weather attribute html area end -->\n\t<\/div>\n<\/div>\n<\/div>\n\t\t\t\t\t\t<\/div>\n\t\t\t\t<\/div>\n\t\t\t\t\t<\/div>\n\t\t\t\t<\/div>\n\t\t<div class=\"elementor-element elementor-element-349ed266 twbb_section e-flex e-con-boxed e-con e-parent\" data-id=\"349ed266\" data-element_type=\"container\" data-e-type=\"container\">\n\t\t\t\t\t<div class=\"e-con-inner\">\n\t\t<div class=\"elementor-element elementor-element-3af9f18d e-con-full e-flex e-con e-child\" data-id=\"3af9f18d\" data-element_type=\"container\" data-e-type=\"container\">\n\t\t\t\t<div class=\"elementor-element elementor-element-aa752ec elementor-widget__width-initial elementor-widget-mobile__width-inherit elementor-widget-tablet__width-initial elementor-invisible elementor-widget elementor-widget-heading\" data-id=\"aa752ec\" data-element_type=\"widget\" data-e-type=\"widget\" data-settings=\"{&quot;_animation&quot;:&quot;fadeInUp&quot;}\" data-widget_type=\"heading.default\">\n\t\t\t\t<div class=\"elementor-widget-container\">\n\t\t\t\t\t<h3 class=\"elementor-heading-title elementor-size-default\">Valsavarenche<\/h3>\t\t\t\t<\/div>\n\t\t\t\t<\/div>\n\t\t\t\t<div class=\"elementor-element elementor-element-74a42ade elementor-widget__width-initial elementor-widget-mobile__width-inherit elementor-widget-tablet__width-initial elementor-invisible elementor-widget elementor-widget-text-editor\" data-id=\"74a42ade\" data-element_type=\"widget\" data-e-type=\"widget\" data-settings=\"{&quot;_animation&quot;:&quot;fadeInUp&quot;}\" data-widget_type=\"text-editor.default\">\n\t\t\t\t<div class=\"elementor-widget-container\">\n\t\t\t\t\t\t\t\t\t<p>Valsavarenche representa la historia de las ascensiones a la cumbre del Gran Paradiso: las expediciones alpinistas m\u00e1s famosas parten del refugio Emanuele II o del refugio Federico Chabod.<\/p><p>\u00danico valle situado \u00edntegramente en el territorio del Parque Nacional del Gran Paradiso, representa la naturaleza salvaje que el hombre busca en lo m\u00e1s profundo: rincones incontaminados impregnados de una naturaleza a menudo r\u00edgida y severa.<\/p><p>M\u00e1gico en todas las estaciones, aut\u00e9ntico y silencioso como lo fue en su d\u00eda, Valsavaranche es un valle por descubrir.<\/p>\t\t\t\t\t\t\t\t<\/div>\n\t\t\t\t<\/div>\n\t\t\t\t<\/div>\n\t\t<div class=\"elementor-element elementor-element-6e13c90c e-con-full e-flex e-con e-child\" data-id=\"6e13c90c\" data-element_type=\"container\" data-e-type=\"container\">\n\t\t\t\t<div class=\"elementor-element elementor-element-2f46fe17 elementor-widget__width-initial elementor-widget-mobile__width-inherit elementor-widget-tablet__width-initial elementor-invisible elementor-widget elementor-widget-heading\" data-id=\"2f46fe17\" data-element_type=\"widget\" data-e-type=\"widget\" data-settings=\"{&quot;_animation&quot;:&quot;fadeInUp&quot;}\" data-widget_type=\"heading.default\">\n\t\t\t\t<div class=\"elementor-widget-container\">\n\t\t\t\t\t<h3 class=\"elementor-heading-title elementor-size-default\">Parque Nacional del Gran Para\u00edso<\/h3>\t\t\t\t<\/div>\n\t\t\t\t<\/div>\n\t\t\t\t<div class=\"elementor-element elementor-element-153b646 elementor-widget__width-initial elementor-widget-mobile__width-inherit elementor-widget-tablet__width-initial elementor-invisible elementor-widget elementor-widget-text-editor\" data-id=\"153b646\" data-element_type=\"widget\" data-e-type=\"widget\" data-settings=\"{&quot;_animation&quot;:&quot;fadeInUp&quot;}\" data-widget_type=\"text-editor.default\">\n\t\t\t\t<div class=\"elementor-widget-container\">\n\t\t\t\t\t\t\t\t\t<p>El Parque Nacional del Gran Paradiso es el parque nacional m\u00e1s antiguo de Italia, creado el 3 de diciembre de 1922, y est\u00e1 situado entre las regiones del Valle de Aosta y Piamonte, alrededor del macizo del Gran Paradiso. <span style=\"font-size: 14px; color: var( --e-global-color-text ); text-transform: var( --e-global-typography-twbb_p4-text-transform ); background-color: var( --e-global-color-twbb_bg_primary );\">El Parque se extiende sobre 70.000 hect\u00e1reas de territorio de alta monta\u00f1a, entre los 800 metros del fondo del valle y los 4.061 metros del pico del Gran Paradiso.<\/span><\/p><p>El Parque tiene como objetivo conservar los ecosistemas de importancia internacional y nacional de sus valles para las generaciones presentes y futuras.<\/p>\t\t\t\t\t\t\t\t<\/div>\n\t\t\t\t<\/div>\n\t\t\t\t<\/div>\n\t\t<div class=\"elementor-element elementor-element-184f900 e-con-full e-flex e-con e-child\" data-id=\"184f900\" data-element_type=\"container\" data-e-type=\"container\">\n\t\t\t\t<div class=\"elementor-element elementor-element-370f16f elementor-widget__width-initial elementor-widget-mobile__width-inherit elementor-widget-tablet__width-initial elementor-invisible elementor-widget elementor-widget-heading\" data-id=\"370f16f\" data-element_type=\"widget\" data-e-type=\"widget\" data-settings=\"{&quot;_animation&quot;:&quot;fadeInUp&quot;}\" data-widget_type=\"heading.default\">\n\t\t\t\t<div class=\"elementor-widget-container\">\n\t\t\t\t\t<h3 class=\"elementor-heading-title elementor-size-default\">Gran Para\u00edso<\/h3>\t\t\t\t<\/div>\n\t\t\t\t<\/div>\n\t\t\t\t<div class=\"elementor-element elementor-element-6f0e388 elementor-widget__width-initial elementor-widget-mobile__width-inherit elementor-widget-tablet__width-initial elementor-invisible elementor-widget elementor-widget-text-editor\" data-id=\"6f0e388\" data-element_type=\"widget\" data-e-type=\"widget\" data-settings=\"{&quot;_animation&quot;:&quot;fadeInUp&quot;}\" data-widget_type=\"text-editor.default\">\n\t\t\t\t<div class=\"elementor-widget-container\">\n\t\t\t\t\t\t\t\t\t<p>El Gran Paradiso (4.061 metros) es la monta\u00f1a principal del macizo hom\u00f3nimo, situado en los Alpes Grayos, con su cima enteramente en el Valle de Aosta, entre los territorios de los municipios de Valsavarenche y Cogne.<\/p><p>Uno de los puntos de partida cl\u00e1sicos para llegar a la cima del Gran Paradiso es el Refugio Vittorio Emanuele II, al que se llega recorriendo un pr\u00e1ctico sendero desde la zona del Pont en Valsavarenche.<br \/>Destino ideal para principiantes en alpinismo, la cumbre, accesible mediante un paso f\u00e1cil pero expuesto, ofrece un final vertiginoso.<\/p>\t\t\t\t\t\t\t\t<\/div>\n\t\t\t\t<\/div>\n\t\t\t\t<\/div>\n\t\t\t\t\t<\/div>\n\t\t\t\t<\/div>\n\t\t<div class=\"elementor-element elementor-element-31d0b5ad twbb_section e-flex e-con-boxed e-con e-parent\" data-id=\"31d0b5ad\" data-element_type=\"container\" data-e-type=\"container\" data-settings=\"{&quot;background_background&quot;:&quot;classic&quot;}\">\n\t\t\t\t\t<div class=\"e-con-inner\">\n\t\t<div class=\"elementor-element elementor-element-25adfe4e e-con-full e-flex e-con e-child\" data-id=\"25adfe4e\" data-element_type=\"container\" data-e-type=\"container\">\n\t\t\t\t<div class=\"elementor-element elementor-element-be7c23a elementor-widget elementor-widget-heading\" data-id=\"be7c23a\" data-element_type=\"widget\" data-e-type=\"widget\" data-widget_type=\"heading.default\">\n\t\t\t\t<div class=\"elementor-widget-container\">\n\t\t\t\t\t<h2 class=\"elementor-heading-title elementor-size-default\">Asistencia al parque<\/h2>\t\t\t\t<\/div>\n\t\t\t\t<\/div>\n\t\t\t\t<div class=\"elementor-element elementor-element-3b95f45f elementor-widget__width-initial elementor-widget-mobile__width-inherit elementor-widget-tablet__width-initial elementor-invisible elementor-widget elementor-widget-text-editor\" data-id=\"3b95f45f\" data-element_type=\"widget\" data-e-type=\"widget\" data-settings=\"{&quot;_animation&quot;:&quot;fadeInUp&quot;}\" data-widget_type=\"text-editor.default\">\n\t\t\t\t<div class=\"elementor-widget-container\">\n\t\t\t\t\t\t\t\t\t<p>Consulta el reglamento de uso tur\u00edstico del Parque o descarga y lleva contigo el folleto<\/p>\t\t\t\t\t\t\t\t<\/div>\n\t\t\t\t<\/div>\n\t\t\t\t<div class=\"elementor-element elementor-element-753cfa2e elementor-widget__width-initial elementor-widget-mobile__width-inherit elementor-widget-tablet__width-initial elementor-align-left elementor-mobile-align-center elementor-widget elementor-widget-button\" data-id=\"753cfa2e\" data-element_type=\"widget\" data-e-type=\"widget\" data-widget_type=\"button.default\">\n\t\t\t\t<div class=\"elementor-widget-container\">\n\t\t\t\t\t\t\t\t\t<div class=\"elementor-button-wrapper\">\n\t\t\t\t\t<a class=\"elementor-button elementor-button-link elementor-size-sm\" href=\"https:\/\/www.pngp.it\/sites\/default\/files\/documenti\/Regolamenti-NEW\/regolamento_stralcio.pdf\">\n\t\t\t\t\t\t<span class=\"elementor-button-content-wrapper\">\n\t\t\t\t\t\t\t\t\t<span class=\"elementor-button-text\">Descargar el Reglamento<\/span>\n\t\t\t\t\t<\/span>\n\t\t\t\t\t<\/a>\n\t\t\t\t<\/div>\n\t\t\t\t\t\t\t\t<\/div>\n\t\t\t\t<\/div>\n\t\t\t\t<div class=\"elementor-element elementor-element-10bc039 elementor-widget__width-initial elementor-widget-mobile__width-inherit elementor-widget-tablet__width-initial elementor-align-left elementor-mobile-align-center elementor-widget elementor-widget-button\" data-id=\"10bc039\" data-element_type=\"widget\" data-e-type=\"widget\" data-widget_type=\"button.default\">\n\t\t\t\t<div class=\"elementor-widget-container\">\n\t\t\t\t\t\t\t\t\t<div class=\"elementor-button-wrapper\">\n\t\t\t\t\t<a class=\"elementor-button elementor-button-link elementor-size-sm\" href=\"https:\/\/www.pngp.it\/sites\/default\/files\/allegati\/regolamento_fruizione_2016_x_web.pdf\">\n\t\t\t\t\t\t<span class=\"elementor-button-content-wrapper\">\n\t\t\t\t\t\t\t\t\t<span class=\"elementor-button-text\">Descargar folleto<\/span>\n\t\t\t\t\t<\/span>\n\t\t\t\t\t<\/a>\n\t\t\t\t<\/div>\n\t\t\t\t\t\t\t\t<\/div>\n\t\t\t\t<\/div>\n\t\t\t\t<\/div>\n\t\t<div class=\"elementor-element elementor-element-6a510358 e-con-full e-flex e-con e-child\" data-id=\"6a510358\" data-element_type=\"container\" data-e-type=\"container\">\n\t\t\t\t<div class=\"elementor-element elementor-element-535b9a0 elementor-widget elementor-widget-video\" data-id=\"535b9a0\" data-element_type=\"widget\" data-e-type=\"widget\" data-settings=\"{&quot;youtube_url&quot;:&quot;https:\\\/\\\/www.youtube.com\\\/watch?v=mrn3LZHl7BA&quot;,&quot;video_type&quot;:&quot;youtube&quot;,&quot;controls&quot;:&quot;yes&quot;}\" data-widget_type=\"video.default\">\n\t\t\t\t<div class=\"elementor-widget-container\">\n\t\t\t\t\t\t\t<div class=\"elementor-wrapper elementor-open-inline\">\n\t\t\t<div class=\"elementor-video\"><\/div>\t\t<\/div>\n\t\t\t\t\t\t<\/div>\n\t\t\t\t<\/div>\n\t\t\t\t<\/div>\n\t\t\t\t\t<\/div>\n\t\t\t\t<\/div>\n\t\t<div class=\"elementor-element elementor-element-2e022ad4 twbb_section e-flex e-con-boxed e-con e-parent\" data-id=\"2e022ad4\" data-element_type=\"container\" data-e-type=\"container\" data-settings=\"{&quot;background_background&quot;:&quot;classic&quot;}\">\n\t\t\t\t\t<div class=\"e-con-inner\">\n\t\t\t\t<div class=\"elementor-element elementor-element-cf89559 elementor-widget elementor-widget-heading\" data-id=\"cf89559\" data-element_type=\"widget\" data-e-type=\"widget\" data-widget_type=\"heading.default\">\n\t\t\t\t<div class=\"elementor-widget-container\">\n\t\t\t\t\t<h2 class=\"elementor-heading-title elementor-size-default\">Perros<\/h2>\t\t\t\t<\/div>\n\t\t\t\t<\/div>\n\t\t\t\t<div class=\"elementor-element elementor-element-7ff387c8 elementor-widget__width-initial elementor-widget-mobile__width-inherit elementor-widget-tablet__width-initial elementor-invisible elementor-widget elementor-widget-text-editor\" data-id=\"7ff387c8\" data-element_type=\"widget\" data-e-type=\"widget\" data-settings=\"{&quot;_animation&quot;:&quot;fadeInUp&quot;}\" data-widget_type=\"text-editor.default\">\n\t\t\t\t<div class=\"elementor-widget-container\">\n\t\t\t\t\t\t\t\t\t<p>Valsavarenche se encuentra en una zona protegida, los perros no pueden vagar libremente porque podr\u00edan encontrarse con fauna salvaje que, incluso no estando en contacto directo con el animal, puede sufrir un fuerte estr\u00e9s.<\/p><p>Para saber m\u00e1s, visita la p\u00e1gina dedicada a la introducci\u00f3n de perros en el Parque con las zonas y recorridos donde est\u00e1 permitido llevarlos, siempre con correa, seg\u00fan la normativa.<\/p>\t\t\t\t\t\t\t\t<\/div>\n\t\t\t\t<\/div>\n\t\t<div class=\"elementor-element elementor-element-27bfb403 e-con-full e-flex e-con e-child\" data-id=\"27bfb403\" data-element_type=\"container\" data-e-type=\"container\">\n\t\t\t\t<div class=\"elementor-element elementor-element-4962bc26 elementor-widget__width-initial elementor-widget-mobile__width-inherit elementor-widget-tablet__width-initial elementor-align-center elementor-mobile-align-center elementor-widget elementor-widget-button\" data-id=\"4962bc26\" data-element_type=\"widget\" data-e-type=\"widget\" data-widget_type=\"button.default\">\n\t\t\t\t<div class=\"elementor-widget-container\">\n\t\t\t\t\t\t\t\t\t<div class=\"elementor-button-wrapper\">\n\t\t\t\t\t<a class=\"elementor-button elementor-button-link elementor-size-sm\" href=\"https:\/\/www.pngp.it\/introduzione-cani\">\n\t\t\t\t\t\t<span class=\"elementor-button-content-wrapper\">\n\t\t\t\t\t\t\t\t\t<span class=\"elementor-button-text\">Visita la p\u00e1gina<\/span>\n\t\t\t\t\t<\/span>\n\t\t\t\t\t<\/a>\n\t\t\t\t<\/div>\n\t\t\t\t\t\t\t\t<\/div>\n\t\t\t\t<\/div>\n\t\t\t\t<\/div>\n\t\t\t\t\t<\/div>\n\t\t\t\t<\/div>\n\t\t\t\t<\/div>","protected":false},"excerpt":{"rendered":"<p>il primo passo verso il Gran Paradiso Cuore di un territorio ricco di storia, dalle origini del Parco Nazionale alle prime grandi scalate, questa valle custodisce un patrimonio alpino unico. Scopri la sua identit\u00e0, immergiti nella natura e vivi la montagna nella sua pi\u00f9 naturale essenza. Valsavarenche La Valsavarenche rappresenta la storia delle ascensioni alla [&hellip;]<\/p>\n","protected":false},"author":2,"featured_media":0,"parent":0,"menu_order":0,"comment_status":"closed","ping_status":"closed","template":"","meta":{"two_page_speed":[],"footnotes":""},"class_list":["post-399","page","type-page","status-publish","hentry"],"_links":{"self":[{"href":"https:\/\/campinggranparadiso.it\/es\/wp-json\/wp\/v2\/pages\/399","targetHints":{"allow":["GET"]}}],"collection":[{"href":"https:\/\/campinggranparadiso.it\/es\/wp-json\/wp\/v2\/pages"}],"about":[{"href":"https:\/\/campinggranparadiso.it\/es\/wp-json\/wp\/v2\/types\/page"}],"author":[{"embeddable":true,"href":"https:\/\/campinggranparadiso.it\/es\/wp-json\/wp\/v2\/users\/2"}],"replies":[{"embeddable":true,"href":"https:\/\/campinggranparadiso.it\/es\/wp-json\/wp\/v2\/comments?post=399"}],"version-history":[{"count":0,"href":"https:\/\/campinggranparadiso.it\/es\/wp-json\/wp\/v2\/pages\/399\/revisions"}],"wp:attachment":[{"href":"https:\/\/campinggranparadiso.it\/es\/wp-json\/wp\/v2\/media?parent=399"}],"curies":[{"name":"wp","href":"https:\/\/api.w.org\/{rel}","templated":true}]}}